{"id":26880,"date":"2021-06-17T23:55:21","date_gmt":"2021-06-17T23:55:21","guid":{"rendered":"https:\/\/elam.wpengine.com\/politique-de-confidentialite"},"modified":"2025-06-16T17:41:47","modified_gmt":"2025-06-16T12:41:47","slug":"politique-vie-prive","status":"publish","type":"page","link":"https:\/\/elam.ca\/fr\/politique-vie-prive","title":{"rendered":"Politique de confidentialit\u00e9"},"content":{"rendered":"<h1>Politique de confidentialit\u00e9<\/h1>\n<p>\t\t\u00a0\u00a0\u00a0\u00a0<\/p>\n<h2>Nous nous engageons \u00e0 respecter votre vie priv\u00e9e<\/h2>\n<p>La solution est administr\u00e9e par ELAM Lt\u00e9e. (\u00ab\u00a0Nous\u00a0\u00bb).<\/p>\n<p>Nous nous engageons \u00e0 respecter votre vie priv\u00e9e et \u00e0 nous assurer que les informations personnelles que nous recueillons, utilisons et traitons en relation avec votre utilisation de notre site Web et\/ou la performance de nos services sont maintenus de mani\u00e8re s\u00e9curitaire et trait\u00e9e de mani\u00e8re licite, loyale et transparente. Plus pr\u00e9cis\u00e9ment, cette politique de protection de la vie priv\u00e9e s\u2019applique \u00e0 tout traitement d\u2019information \u00e0 caract\u00e8re personnel par ELAM Lt\u00e9e, \u00e0 l\u2019exclusion du traitement des donn\u00e9es \u00e0 caract\u00e8re personnel de nos employ\u00e9s soumis \u00e0 une politique interne distincte.<\/p>\n<p>Cette politique explique quand et pourquoi nous recueillons des informations \u00e0 caract\u00e8re personnel sur nos utilisateurs and \u00e9tudiants, comment nous les utilisons, les conditions pour lesquelles nous pouvons les divulguer \u00e0 des tierces parties et comment nous nous assurons de leur s\u00e9curit\u00e9.<\/p>\n<h3>Pourquoi nous recueillons des informations \u00e0 votre sujet ?<\/h3>\n<p>Les informations \u00e0 caract\u00e8re personnel soumises sur ce site Web et\/ou dans le cadre de la performance de nos services seront utilis\u00e9es pour les finalit\u00e9s expos\u00e9es dans cette politique de protection de la vie priv\u00e9e\u00a0:<\/p>\n<ul>\n<li>permettre l\u2019utilisation des services disponibles sur notre site Web et ses applications;<\/li>\n<li>aider nos enseignants \u00e0 classer les \u00e9tudiants selon le niveau de ma\u00eetrise r\u00e9el de la langue;<\/li>\n<li>traiter les transactions (envoi des relev\u00e9s, factures et r\u00e9ception des paiements);<\/li>\n<li>administrer le site Web et ses applications (am\u00e9liorer votre exp\u00e9rience de navigation en personnalisant le site Web et ses applications, y compris la langue s\u00e9lectionn\u00e9e);<\/li>\n<li>assurer votre satisfaction relativement \u00e0 nos services et faire des recommandations sur les services qui seraient susceptibles de vous int\u00e9resser;<\/li>\n<li>vous transmettre des communications g\u00e9n\u00e9rales ou des informations que vous auriez sp\u00e9cifiquement demand\u00e9es;<\/li>\n<li>vous transmettre nos bulletins d\u2019information et d\u2019autres communications marketing, dans la mesure o\u00f9 vous avez accept\u00e9 de recevoir de telles communications;<\/li>\n<li>se conformer aux exigences l\u00e9gales.<\/li>\n<\/ul>\n<p>Nous ne vendons pas vos informations \u00e0 des tierces parties. Nous utilisons des tierces parties uniquement si cela est n\u00e9cessaire pour la performance de nos services. Ces tierces parties sont des sous-traitants qui sont sujet \u00e0 des ententes de traitement des donn\u00e9es d\u00e9terminant la mani\u00e8re dont ils doivent traiter les informations \u00e0 caract\u00e8re personnel pour le compte d\u2019ELAM Lt\u00e9e.<\/p>\n<h3>Quand nous recueillons des informations ?<\/h3>\n<ul>\n<li>lorsque vous faites appel \u00e0 nos services ou que vous vous inscrivez \u00e0 titre de nouvel \u00e9tudiant, notamment pour \u00e9valuer votre ma\u00eetrise d\u2019une langue donn\u00e9e;<\/li>\n<li>lorsque nous \u00e9valuons votre performance en tant qu\u2019\u00e9tudiant \u00e0 la fin des services;<\/li>\n<li>lorsque nous devons traiter et performer nos services, g\u00e9rer les paiements, frais et charges;<\/li>\n<li>lorsque nous cr\u00e9ons du contenu personnalis\u00e9 pour nos classes en fonction de vos besoins;<\/li>\n<li>lorsque vous remplissez des formulaires sur notre site Web, y compris pour communiquer avec nous, tel que via l\u2019application de messagerie disponible sur le site Web;<\/li>\n<li>lorsque vous communiquez avec nous par courrier \u00e9lectronique et par d\u2019autres moyens de communication;<\/li>\n<li>lorsque nous administrons et prot\u00e9geons notre entreprise, ce site Web et ses applications (y compris le d\u00e9pannage, les test d\u2019analyse de donn\u00e9es, la maintenance du syst\u00e8me, le support, la cr\u00e9ation de rapports et l\u2019h\u00e9bergement de donn\u00e9es);<\/li>\n<li>lorsque vous nous faites des suggestions et recommandations.<\/li>\n<\/ul>\n<p>Prendre note que nous pouvons \u00e9galement recevoir vos informations personnelles par le biais de votre employeur dans le cadre des services offerts aux entreprises.<\/p>\n<h3>Quelles informations recueillons-nous \u00e0 votre sujet ?<\/h3>\n<p>ELAM Lt\u00e9e s\u2019efforce \u00e0 appliquer les plus hauts standards de confidentialit\u00e9 pour tous ses utilisateurs et \u00e9tudiants, ind\u00e9pendamment de leur emplacement g\u00e9ographique. Ainsi, ELAM Lt\u00e9e a adapt\u00e9 la d\u00e9finition inclusive de la notion de \u00ab\u00a0information \u00e0 caract\u00e8re personnel\u00a0\u00bb du R\u00e8glement g\u00e9n\u00e9ral sur la protection des donn\u00e9es adopt\u00e9 par l\u2019Union europ\u00e9enne (\u00ab\u00a0RGPD\u00a0\u00bb). Aux fins de la pr\u00e9sente politique sur la protection de la vie priv\u00e9e, les informations personnelles d\u00e9signent toute information se rapportant \u00e0 une personne identifi\u00e9e ou identifiable. Cons\u00e9quemment, nous pouvons recueillir, utiliser et autrement traiter diverses informations personnelles vous concernant et cat\u00e9goris\u00e9es comme suit\u00a0:<\/p>\n<ul>\n<li>les donn\u00e9es personnelles d\u2019identification telles que nom, pr\u00e9nom, date de naissance, employeur, titre, adresse \u00e9lectronique, num\u00e9ro de t\u00e9l\u00e9phone professionnel et num\u00e9ro de t\u00e9l\u00e9phone cellulaire;<\/li>\n<li>les donn\u00e9es financi\u00e8res et transactionnelles telles que les d\u00e9tails des cartes de paiement et les services que vous avez achet\u00e9s aupr\u00e8s d\u2019ELAM Lt\u00e9e- notez que dans le cadre de services offerts aux entreprises, les donn\u00e9es financi\u00e8res et transactionnelles sont g\u00e9n\u00e9ralement celles de l\u2019employeur;<\/li>\n<li>les donn\u00e9es techniques relativement \u00e0 votre ordinateur ou autre appareils que vous auriez utilis\u00e9 pour acc\u00e9der \u00e0 notre site Web ou nos services tels que l\u2019adresse IP, la date et l\u2019heure de votre visite , l\u2019URL de r\u00e9f\u00e9rence, les pages visit\u00e9es et les informations sur votre navigateur.<\/li>\n<\/ul>\n<p>Certaines l\u00e9gislations, dont que le RGPD, pr\u00e9voient que certaines informations \u00e9lectroniques sont consid\u00e9r\u00e9es comme des informations personnelles dans la mesure o\u00f9 elles peuvent contribuer \u00e0 vous identifier.<\/p>\n<p>Le site Web et ses applications utilisent des fichiers t\u00e9moins (commun\u00e9ment appel\u00e9s \u00ab\u00a0cookies\u00a0\u00bb) et d\u2019autres technologies de suivi similaires. Veuillez consulter notre\u00a0<a href=\"https:\/\/dev-elam-site.pantheonsite.io\/fr\/politique-de-confidentialite\/#cookies\">Politique concernant l\u2019utilisation des fichiers t\u00e9moins (cookies)<\/a>\u00a0pour en savoir plus sur le type de technologie utilis\u00e9, le type d\u2019informations recueillies, la raison pour laquelle elles sont recueillies, leur utilisation et la mani\u00e8re dont vous pouvez g\u00e9rer vos pr\u00e9f\u00e9rences concernant leur utilisation.<\/p>\n<h3>Partageons-nous vos informations ?<\/h3>\n<p>Nous ne partagerons pas vos informations avec des tierces parties pour des fins de marketing direct. ELAM Lt\u00e9e ne permet \u00e0 aucun partenaire ou affili\u00e9 de recueillir vos informations personnelles pour leurs propres fins directement sur notre site Web. Nous ne vendons pas vos informations personnelles \u00e0 quiconque.<\/p>\n<p>Toutefois, notre site Web contient des applications Web g\u00e9r\u00e9es par des tierces parties, notamment FormDest et ZenDesk. De plus, nous utilisons des sous-traitants qui sont des tierces parties qui nous fournissent des \u00e9l\u00e9ments de services pour notre b\u00e9n\u00e9fice. Nous avons des ententes en place avec nos sous-traitants de sorte qu\u2019ils ne sont pas autoris\u00e9s \u00e0 traiter vos informations personnelles \u00e0 moins d\u2019instructions de notre part. Prendre note que certains de nos enseignants ont des ententes de sous-traitance et sont r\u00e9gis selon les obligations applicable aux sous-traitants.<\/p>\n<p>Dans certaines circonstances, nous sommes l\u00e9galement requis de partager des informations, notamment dans le cadre d\u2019une ordonnance judiciaire ou lorsque nous devons coop\u00e9rer avec des autorit\u00e9s de contr\u00f4le concern\u00e9es dans le cadre de plaintes ou d\u2019enqu\u00eates. Nous pourrions \u00e9galement partager des informations avec d\u2019autres organismes de r\u00e8glementation. Dans tous les cas, nous nous assurons que nous d\u00e9tenons une base licite sur laquelle nous pouvons partager ces informations. Nous ne partagerons jamais vos informations sans d\u2019abord analyser la demande.<\/p>\n<h3>O\u00f9 conservons-nous vos informations ?<\/h3>\n<p>Les informations personnelles que nous recueillons par le biais de notre site Web ou pour la performance de nos services sont conserv\u00e9s sur plateformes MS Forms et SharePoint. Vos informations personnelles sont conserv\u00e9es et trait\u00e9es exclusivement aux \u00c9tats-Unis, en Europe et\/ou au Canada.<\/p>\n<h3>Comment prot\u00e9geons-nous vos informations ?<\/h3>\n<p>Nous prendrons des mesures de protection physiques, techniques et organisationnelles raisonnables pour nous assurer que vos informations sont en s\u00e9curit\u00e9 avec ELAM Lt\u00e9e. Ces mesures visent \u00e0 prot\u00e9ger vos informations contre la destruction, la perte, la modification, la divulgation, l\u2019acc\u00e8s, l\u2019utilisation ou le traitement accidentels, non autoris\u00e9s ou ill\u00e9gaux.<\/p>\n<hr \/>\n<h2>Politique concernant l\u2019utilisation des fichiers t\u00e9moins ou \u00ab\u00a0cookies\u00a0\u00bb<\/h2>\n<p>Ce site Web et ses applications utilisent des fichiers t\u00e9moins (commun\u00e9ment appel\u00e9s \u00ab\u00a0cookies\u00a0\u00bb) et d\u2019autres technologies telles que les tags de pixel et balises Web beacons. Compte tenu que certains t\u00e9moins incluent des informations consid\u00e9r\u00e9es comme personnelles sous certaines l\u00e9gislations, telles que les adresses IP et l\u2019emplacement, nous traitons ces informations avec soin en appliquant les mesures de protection appropri\u00e9es.<\/p>\n<h3>Qu\u2019est-ce qu\u2019un t\u00e9moin ?<\/h3>\n<p>Les t\u00e9moins sont de petits fichiers texte envoy\u00e9s par un serveur lors d\u2019une session de navigation. Les t\u00e9moins sont g\u00e9n\u00e9ralement conserv\u00e9s sur le disque dur de votre ordinateur et sont utilis\u00e9s par les sites Web pour simuler une connexion continue \u00e0 ce site. L\u2019utilisation de t\u00e9moins permet d\u2019identifier automatiquement votre navigateur d\u00e8s que vous interagissez avec un site Web. Une balise Web beacon, \u00e9galement appel\u00e9e balise, tags de pixel ou GIF invisible, est utilis\u00e9e afin de transmettre de l\u2019information \u00e0 un serveur Web. Lorsque nous utilisons le terme \u00ab\u00a0T\u00e9moin\u00a0\u00bb dans cette politique, nous incluons \u00e9galement balises web beacons les autres technologies similaires.<\/p>\n<p>Les navigateurs et les appareils ont des outils vous permettant de d\u00e9sactiver les t\u00e9moins sur les sites Web et applications. Si vous d\u00e9sactivez les t\u00e9moins, vous ne pourrez peut-\u00eatre pas acc\u00e9der \u00e0 toutes les fonctionnalit\u00e9s de nos services. Nous vous sugg\u00e9rons de garder actifs les t\u00e9moins essentiels (d\u00e9crits subs\u00e9quemment) pour une meilleure exp\u00e9rience d\u2019utilisation et de nous aider \u00e0 am\u00e9liorer et d\u00e9velopper nos produits et services.<\/p>\n<p>Si vous poursuivez la lecture, vous apprendrez tous les types de t\u00e9moins que nous utilisons et leurs fonctionnalit\u00e9s sp\u00e9cifiques.<\/p>\n<h3>Pourquoi utilisons-nous des t\u00e9moins ?<\/h3>\n<p>Les t\u00e9moins sont utiles pour permettre \u00e0 notre site Web et \u00e0 ses applications de fonctionner \u00e0 leur plein potentiel, notamment pour activer des fonctions sp\u00e9cifiques. Nous n\u2019utilisons pas de t\u00e9moins pour surveiller votre trafic ou pour analyser vos actions.<\/p>\n<h3>Quels types de t\u00e9moins utilisons-nous ?<\/h3>\n<p>Lorsque vous naviguer sur ce site Web ou sur un portail priv\u00e9, diff\u00e9rents types de t\u00e9moins sont d\u00e9pos\u00e9s sur votre appareil.<\/p>\n<p>Les t\u00e9moins peuvent \u00eatre install\u00e9s par nous ou peuvent \u00eatre install\u00e9s par des tierces parties. Nous vous invitons \u00e0 poursuivre votre lecture pour en conna\u00eetre davantage sur les t\u00e9moins tiers.<\/p>\n<p>ELAM Lt\u00e9e utilise \u00e0 la fois des t\u00e9moins volatils et des t\u00e9moins persistants.\u00a0Les t\u00e9moins volatils r\u00e9sident dans votre appareil lors d\u2019une session de visite de notre site Web et expirent aussit\u00f4t que vous le quittez. Les t\u00e9moins persistants sont enregistr\u00e9s sur votre disque dur et peuvent \u00eatre r\u00e9cup\u00e9r\u00e9s lors d\u2019une visite ult\u00e9rieure variant de quelques semaines \u00e0 quelques ann\u00e9es et demeureront dans votre disque dur jusqu\u2019\u00e0 la date d\u2019expiration ou jusqu\u2019\u00e0 ce que vous les supprimiez.<\/p>\n<p>ELAM Lt\u00e9e utilise des t\u00e9moins n\u00e9cessaires permettant de rendre un site Web utilisable en activant des fonctions de base telles que la navigation sur les pages et l\u2019acc\u00e8s \u00e0 des zones s\u00e9curis\u00e9es du site Web. Le site Web ne peut pas fonctionner ad\u00e9quatement sans les t\u00e9moins n\u00e9cessaires. Nous utilisons \u00e9galement des t\u00e9moins de personnalisation qui permettent \u00e0 notre site Web de m\u00e9moriser des informations qui modifient le comportement ou l\u2019apparence du site Web, comme votre langue pr\u00e9f\u00e9r\u00e9e ou la r\u00e9gion dans laquelle vous vous trouvez.<\/p>\n<p>Les autres types de t\u00e9moins utilis\u00e9s par ELAM Lt\u00e9e comprennent les t\u00e9moins d\u2019analyse de performance et de mesure d\u2019audience qui nous aident \u00e0 comprendre le trafic sur notre site Web. Les informations fournies par ces t\u00e9moins, tels que Google Analytics, sont anonymes et concernent le trafic en g\u00e9n\u00e9ral en excluant votre utilisation personnelle.<\/p>\n<p>Enfin, nous utilisons des t\u00e9moins de marketing d\u00e9crits dans la section suivante.<\/p>\n<p>Nous pouvons recueillir les informations personnelles suivante par le biais des t\u00e9moins\u00a0: un identifiant unique attribu\u00e9 \u00e0 votre appareil, une adresse IP, appareil et type de navigateur, syst\u00e8me op\u00e9rateur, URL de r\u00e9f\u00e9rence, contenu consult\u00e9 ou autres actions prises sur notre site Web et ses applications, heure et date de ces actions, pays et choix de la langue.<\/p>\n<h3>Est-ce que des tierces parties peuvent acc\u00e9der \u00e0 mes t\u00e9moins ?<\/h3>\n<p>Ce site Web contient des t\u00e9moins tiers, tels que les t\u00e9moins de marketing, utilis\u00e9s pour suivre les visiteurs sur les sites Web. L\u2019intention de ces t\u00e9moins est d\u2019afficher des publicit\u00e9s pertinentes et engageantes pour l\u2019utilisateur et, par cons\u00e9quent, plus utiles pour les \u00e9diteurs et les annonceurs tiers. Ce site Web contient en particulier des t\u00e9moins de Facebook et de Doubleclick. Ce sont des t\u00e9moins non permanents qui durent soit pour votre session, soit pour une p\u00e9riode d\u2019au plus trois (3) mois avant d\u2019\u00eatre effac\u00e9s de votre appareil.<\/p>\n<p>De plus, lorsque vous utilisez des applications tierces sur notre site Web, telles que la messagerie Zendesk, vous \u00eates soumis \u00e0 leur politique de confidentialit\u00e9 et vos appareils peuvent \u00eatre expos\u00e9s \u00e0 des t\u00e9moins suppl\u00e9mentaires, y compris des t\u00e9moins persistants.\u00a0<a href=\"https:\/\/www.zendesk.fr\/company\/customers-partners\/privacy-policy\/?_ga=2.255771272.1264012752.1536876726-826410929.1536876726\" target=\"_blank\" rel=\"noopener\">Cliquez ici pour lire la Politique de confidentialit\u00e9 de Zendesk<\/a>.<\/p>\n<h3>Comment g\u00e9rer vos pr\u00e9f\u00e9rences ?<\/h3>\n<p>Modifier vos pr\u00e9f\u00e9rences de cookies<\/p>\n<p>Vous pouvez configurer votre navigateur pour bloquer les t\u00e9moins, y compris les t\u00e9moins associ\u00e9s \u00e0 nos services. Cependant, il est important de comprendre que certaines fonctionnalit\u00e9s du site Web peuvent ne pas fonctionner ad\u00e9quatement si les t\u00e9moins sont d\u00e9sactiv\u00e9s. Les t\u00e9moins vous permettent de profiter pleinement des meilleures fonctionnalit\u00e9s du site Web. Nous vous recommandons donc de les activer.<\/p>\n<p>Vous pouvez \u00e9galement utiliser la fonction \u00ab Aide\u00a0\u00bb de la barre d\u2019outils de votre navigateur Web pour emp\u00eacher votre navigateur d\u2019accepter de nouveaux t\u00e9moins et que votre navigateur vous avertisse lorsque vous recevez de nouveaux t\u00e9moins et pour d\u00e9sactiver compl\u00e8tement les t\u00e9moins.<\/p>\n<h3>Pouvons-nous modifier cette politique ?<\/h3>\n<p>Oui. Nous nous effor\u00e7ons d\u2019adapter cette politique aux nouvelles technologies, aux modifications apport\u00e9s aux sites Web ou aux exigences r\u00e8glementaires. Toutes les mises \u00e0 jour seront publi\u00e9es sur cette page et nous informerons nos utilisateurs par courrier \u00e9lectronique, m\u00e9dias sociaux, par le biais d\u2019une notification sur notre site Web et\/ou conform\u00e9ment aux l\u00e9gislations applicables.<\/p>\n<h3>Que pouvez-vous faire pour contr\u00f4ler le traitement de vos informations personnelles ?<\/h3>\n<p>Diverses l\u00e9gislations vous permettent d\u2019exercer certains droits concernant vos informations personnelles. D\u2019une mani\u00e8re g\u00e9n\u00e9rale, si vous \u00eates un citoyen de l\u2019Union europ\u00e9enne, vous aurez g\u00e9n\u00e9ralement acc\u00e8s aux droits \u00e9nonc\u00e9s dans le R\u00e8glement g\u00e9n\u00e9ral sur la protection des donn\u00e9es concernant les informations personnelles que nous d\u00e9tenons \u00e0 votre sujet.<\/p>\n<p>En outre, sauf en cas d\u2019exemption, vous disposez des droits suivants concernant vos donn\u00e9es personnelles\u00a0:<\/p>\n<ul>\n<li>droit d\u2019acc\u00e8s, de rectification et de limitation du traitement de vos informations personnelles;<\/li>\n<li>droit d\u2019effacement de vos informations personnelles lorsqu\u2019il n\u2019est plus n\u00e9cessaire pour ELAM Lt\u00e9e de conserver ces informations;<\/li>\n<li>droit de retirer votre consentement au traitement de vos informations \u00e0 tout moment, sauf si cela est n\u00e9cessaire pour des raisons l\u00e9gitimes ou licites;<\/li>\n<li>droit de modifier ou de retirer votre consentement au traitement de vos information et aux communications commerciales; et<\/li>\n<li>droit de porter plainte aupr\u00e8s d\u2019une autorit\u00e9 de contr\u00f4le.<\/li>\n<\/ul>\n<p>Veuillez noter qu\u2019ELAM Lt\u00e9e ne contr\u00f4le pas les moyens et les finalit\u00e9s du traitement des informations personnelles concernant les personnes concern\u00e9es par les cours de langue par l\u2019interm\u00e9diaire d\u2019une tierce partie, comme un employeur. Si cela vous concerne, veuillez contacter cette tierce parties directement pour exercer vos droits.<\/p>\n<h2>Avez-vous des questions ?<\/h2>\n<p>N\u2019h\u00e9sitez pas \u00e0 contacter notre\u00a0Responsable de la protection de la vie priv\u00e9e, Paule Grenier\u00a0par courriel \u00e0\u00a0<a style=\"background-color: #ffffff; letter-spacing: 0px;\" href=\"mailto:privacy@elam.ca\">privacy@elam.ca<\/a>\u00a0ou t\u00e9l\u00e9phone au 877-395-3526 si vous avez des questions concernant vos droits ou pour avoir une meilleure compr\u00e9hension de la mani\u00e8re dont nous <strong><a style=\"color: #ff6600;\" href=\"https:\/\/dev-elam-site.pantheonsite.io\/wp-content\/uploads\/2024\/02\/ELAM-Priv-2024.pdf\">prot\u00e9geons vos informations personnelles.<\/a><\/strong><\/p>\n<p>\u00a0<\/p>\n<p>\u00a0<\/p>\n","protected":false},"excerpt":{"rendered":"<p>Politique de confidentialit\u00e9 \u00a0\u00a0\u00a0\u00a0 Nous nous engageons \u00e0 respecter votre vie priv\u00e9e La solution est administr\u00e9e par ELAM Lt\u00e9e. (\u00ab\u00a0Nous\u00a0\u00bb)&#8230;.<\/p>\n","protected":false},"author":1,"featured_media":0,"parent":0,"menu_order":0,"comment_status":"closed","ping_status":"open","template":"elementor_header_footer","meta":{"footnotes":""},"class_list":["post-26880","page","type-page","status-publish"],"yoast_head":"<!-- This site is optimized with the Yoast SEO Premium plugin v22.4 (Yoast SEO v26.7) - https:\/\/yoast.com\/wordpress\/plugins\/seo\/ -->\n<title>Politique de confidentialit\u00e9| ELAM<\/title>\n<meta name=\"description\" content=\"Chez ELAM, le respect de la vie priv\u00e9 est essentiel. Lisez notre politique de confidentialit\u00e9 pour savoir comment nous recueillons et traitons vos donn\u00e9es.\" \/>\n<meta name=\"robots\" content=\"index, follow, max-snippet:-1, max-image-preview:large, max-video-preview:-1\" \/>\n<link rel=\"canonical\" href=\"https:\/\/elam.ca\/en\/privacy-policy\" \/>\n<meta property=\"og:locale\" content=\"fr_FR\" \/>\n<meta property=\"og:type\" content=\"article\" \/>\n<meta property=\"og:title\" content=\"Politique de confidentialit\u00e9\" \/>\n<meta property=\"og:description\" content=\"Chez ELAM, le respect de la vie priv\u00e9 est essentiel. Lisez notre politique de confidentialit\u00e9 pour savoir comment nous recueillons et traitons vos donn\u00e9es.\" \/>\n<meta property=\"og:url\" content=\"https:\/\/elam.ca\/en\/privacy-policy\" \/>\n<meta property=\"og:site_name\" content=\"ELAM\" \/>\n<meta property=\"article:publisher\" content=\"https:\/\/www.facebook.com\/ELAM.qc.ca\" \/>\n<meta property=\"article:modified_time\" content=\"2025-06-16T12:41:47+00:00\" \/>\n<meta name=\"twitter:card\" content=\"summary_large_image\" \/>\n<meta name=\"twitter:site\" content=\"@ELAMca\" \/>\n<meta name=\"twitter:label1\" content=\"Est. reading time\" \/>\n\t<meta name=\"twitter:data1\" content=\"13 minutes\" \/>\n<script type=\"application\/ld+json\" class=\"yoast-schema-graph\">{\"@context\":\"https:\/\/schema.org\",\"@graph\":[{\"@type\":\"WebPage\",\"@id\":\"https:\/\/elam.ca\/en\/privacy-policy\",\"url\":\"https:\/\/elam.ca\/en\/privacy-policy\",\"name\":\"Politique de confidentialit\u00e9| ELAM\",\"isPartOf\":{\"@id\":\"https:\/\/elam.ca\/fr\/#website\"},\"datePublished\":\"2021-06-17T23:55:21+00:00\",\"dateModified\":\"2025-06-16T12:41:47+00:00\",\"description\":\"Chez ELAM, le respect de la vie priv\u00e9 est essentiel. Lisez notre politique de confidentialit\u00e9 pour savoir comment nous recueillons et traitons vos donn\u00e9es.\",\"breadcrumb\":{\"@id\":\"https:\/\/elam.ca\/en\/privacy-policy#breadcrumb\"},\"inLanguage\":\"fr-FR\",\"potentialAction\":[{\"@type\":\"ReadAction\",\"target\":[\"https:\/\/elam.ca\/en\/privacy-policy\"]}]},{\"@type\":\"BreadcrumbList\",\"@id\":\"https:\/\/elam.ca\/en\/privacy-policy#breadcrumb\",\"itemListElement\":[{\"@type\":\"ListItem\",\"position\":1,\"name\":\"Home\",\"item\":\"https:\/\/elam.ca\/en\"},{\"@type\":\"ListItem\",\"position\":2,\"name\":\"Politique de confidentialit\u00e9\"}]},{\"@type\":\"WebSite\",\"@id\":\"https:\/\/elam.ca\/fr\/#website\",\"url\":\"https:\/\/elam.ca\/fr\/\",\"name\":\"Elam\",\"description\":\"ELAM Site\",\"publisher\":{\"@id\":\"https:\/\/elam.ca\/fr\/#organization\"},\"potentialAction\":[{\"@type\":\"SearchAction\",\"target\":{\"@type\":\"EntryPoint\",\"urlTemplate\":\"https:\/\/elam.ca\/fr\/?s={search_term_string}\"},\"query-input\":{\"@type\":\"PropertyValueSpecification\",\"valueRequired\":true,\"valueName\":\"search_term_string\"}}],\"inLanguage\":\"fr-FR\"},{\"@type\":\"Organization\",\"@id\":\"https:\/\/elam.ca\/fr\/#organization\",\"name\":\"Elam\",\"url\":\"https:\/\/elam.ca\/fr\/\",\"logo\":{\"@type\":\"ImageObject\",\"inLanguage\":\"fr-FR\",\"@id\":\"https:\/\/elam.ca\/fr\/#\/schema\/logo\/image\/\",\"url\":\"https:\/\/live-elam-site.pantheonsite.io\/wp-content\/uploads\/2021\/06\/elam-og-image.png\",\"contentUrl\":\"https:\/\/live-elam-site.pantheonsite.io\/wp-content\/uploads\/2021\/06\/elam-og-image.png\",\"width\":1200,\"height\":628,\"caption\":\"Elam\"},\"image\":{\"@id\":\"https:\/\/elam.ca\/fr\/#\/schema\/logo\/image\/\"},\"sameAs\":[\"https:\/\/www.facebook.com\/ELAM.qc.ca\",\"https:\/\/x.com\/ELAMca\",\"https:\/\/www.instagram.com\/elaminstagram\/\"]}]}<\/script>\n<!-- \/ Yoast SEO Premium plugin. -->","yoast_head_json":{"title":"Politique de confidentialit\u00e9| ELAM","description":"Chez ELAM, le respect de la vie priv\u00e9 est essentiel. Lisez notre politique de confidentialit\u00e9 pour savoir comment nous recueillons et traitons vos donn\u00e9es.","robots":{"index":"index","follow":"follow","max-snippet":"max-snippet:-1","max-image-preview":"max-image-preview:large","max-video-preview":"max-video-preview:-1"},"canonical":"https:\/\/elam.ca\/en\/privacy-policy","og_locale":"fr_FR","og_type":"article","og_title":"Politique de confidentialit\u00e9","og_description":"Chez ELAM, le respect de la vie priv\u00e9 est essentiel. Lisez notre politique de confidentialit\u00e9 pour savoir comment nous recueillons et traitons vos donn\u00e9es.","og_url":"https:\/\/elam.ca\/en\/privacy-policy","og_site_name":"ELAM","article_publisher":"https:\/\/www.facebook.com\/ELAM.qc.ca","article_modified_time":"2025-06-16T12:41:47+00:00","twitter_card":"summary_large_image","twitter_site":"@ELAMca","twitter_misc":{"Est. reading time":"13 minutes"},"schema":{"@context":"https:\/\/schema.org","@graph":[{"@type":"WebPage","@id":"https:\/\/elam.ca\/en\/privacy-policy","url":"https:\/\/elam.ca\/en\/privacy-policy","name":"Politique de confidentialit\u00e9| ELAM","isPartOf":{"@id":"https:\/\/elam.ca\/fr\/#website"},"datePublished":"2021-06-17T23:55:21+00:00","dateModified":"2025-06-16T12:41:47+00:00","description":"Chez ELAM, le respect de la vie priv\u00e9 est essentiel. Lisez notre politique de confidentialit\u00e9 pour savoir comment nous recueillons et traitons vos donn\u00e9es.","breadcrumb":{"@id":"https:\/\/elam.ca\/en\/privacy-policy#breadcrumb"},"inLanguage":"fr-FR","potentialAction":[{"@type":"ReadAction","target":["https:\/\/elam.ca\/en\/privacy-policy"]}]},{"@type":"BreadcrumbList","@id":"https:\/\/elam.ca\/en\/privacy-policy#breadcrumb","itemListElement":[{"@type":"ListItem","position":1,"name":"Home","item":"https:\/\/elam.ca\/en"},{"@type":"ListItem","position":2,"name":"Politique de confidentialit\u00e9"}]},{"@type":"WebSite","@id":"https:\/\/elam.ca\/fr\/#website","url":"https:\/\/elam.ca\/fr\/","name":"Elam","description":"ELAM Site","publisher":{"@id":"https:\/\/elam.ca\/fr\/#organization"},"potentialAction":[{"@type":"SearchAction","target":{"@type":"EntryPoint","urlTemplate":"https:\/\/elam.ca\/fr\/?s={search_term_string}"},"query-input":{"@type":"PropertyValueSpecification","valueRequired":true,"valueName":"search_term_string"}}],"inLanguage":"fr-FR"},{"@type":"Organization","@id":"https:\/\/elam.ca\/fr\/#organization","name":"Elam","url":"https:\/\/elam.ca\/fr\/","logo":{"@type":"ImageObject","inLanguage":"fr-FR","@id":"https:\/\/elam.ca\/fr\/#\/schema\/logo\/image\/","url":"https:\/\/live-elam-site.pantheonsite.io\/wp-content\/uploads\/2021\/06\/elam-og-image.png","contentUrl":"https:\/\/live-elam-site.pantheonsite.io\/wp-content\/uploads\/2021\/06\/elam-og-image.png","width":1200,"height":628,"caption":"Elam"},"image":{"@id":"https:\/\/elam.ca\/fr\/#\/schema\/logo\/image\/"},"sameAs":["https:\/\/www.facebook.com\/ELAM.qc.ca","https:\/\/x.com\/ELAMca","https:\/\/www.instagram.com\/elaminstagram\/"]}]}},"_links":{"self":[{"href":"https:\/\/elam.ca\/fr\/wp-json\/wp\/v2\/pages\/26880","targetHints":{"allow":["GET"]}}],"collection":[{"href":"https:\/\/elam.ca\/fr\/wp-json\/wp\/v2\/pages"}],"about":[{"href":"https:\/\/elam.ca\/fr\/wp-json\/wp\/v2\/types\/page"}],"author":[{"embeddable":true,"href":"https:\/\/elam.ca\/fr\/wp-json\/wp\/v2\/users\/1"}],"replies":[{"embeddable":true,"href":"https:\/\/elam.ca\/fr\/wp-json\/wp\/v2\/comments?post=26880"}],"version-history":[{"count":3,"href":"https:\/\/elam.ca\/fr\/wp-json\/wp\/v2\/pages\/26880\/revisions"}],"predecessor-version":[{"id":30889,"href":"https:\/\/elam.ca\/fr\/wp-json\/wp\/v2\/pages\/26880\/revisions\/30889"}],"wp:attachment":[{"href":"https:\/\/elam.ca\/fr\/wp-json\/wp\/v2\/media?parent=26880"}],"curies":[{"name":"wp","href":"https:\/\/api.w.org\/{rel}","templated":true}]}}