{"version":"1.0","provider_name":"ELAM","provider_url":"https:\/\/elam.ca\/fr\/","author_name":"drakkarsupport","author_url":"https:\/\/elam.ca\/fr\/author\/drakkarsupport\/","title":"Qu'est-ce que l\u2019\u00e9valuation des normes linguistiques?","type":"rich","width":600,"height":338,"html":"<blockquote class=\"wp-embedded-content\" data-secret=\"s2cdAtSkHk\"><a href=\"https:\/\/elam.ca\/fr\/evaluation-normes-linguistiques\/\">Qu&rsquo;est-ce que l\u2019\u00e9valuation des normes linguistiques?<\/a><\/blockquote><iframe sandbox=\"allow-scripts\" security=\"restricted\" src=\"https:\/\/elam.ca\/fr\/evaluation-normes-linguistiques\/embed\/#?secret=s2cdAtSkHk\" width=\"600\" height=\"338\" title=\"\u00ab\u00a0Qu&rsquo;est-ce que l\u2019\u00e9valuation des normes linguistiques?\u00a0\u00bb &#8212; ELAM\" data-secret=\"s2cdAtSkHk\" frameborder=\"0\" marginwidth=\"0\" marginheight=\"0\" scrolling=\"no\" class=\"wp-embedded-content\"><\/iframe><script type=\"text\/javascript\">\n\/* <![CDATA[ *\/\n\/*! This file is auto-generated *\/\n!function(d,l){\"use strict\";l.querySelector&&d.addEventListener&&\"undefined\"!=typeof URL&&(d.wp=d.wp||{},d.wp.receiveEmbedMessage||(d.wp.receiveEmbedMessage=function(e){var t=e.data;if((t||t.secret||t.message||t.value)&&!\/[^a-zA-Z0-9]\/.test(t.secret)){for(var s,r,n,a=l.querySelectorAll('iframe[data-secret=\"'+t.secret+'\"]'),o=l.querySelectorAll('blockquote[data-secret=\"'+t.secret+'\"]'),c=new RegExp(\"^https?:$\",\"i\"),i=0;i<o.length;i++)o[i].style.display=\"none\";for(i=0;i<a.length;i++)s=a[i],e.source===s.contentWindow&&(s.removeAttribute(\"style\"),\"height\"===t.message?(1e3<(r=parseInt(t.value,10))?r=1e3:~~r<200&&(r=200),s.height=r):\"link\"===t.message&&(r=new URL(s.getAttribute(\"src\")),n=new URL(t.value),c.test(n.protocol))&&n.host===r.host&&l.activeElement===s&&(d.top.location.href=t.value))}},d.addEventListener(\"message\",d.wp.receiveEmbedMessage,!1),l.addEventListener(\"DOMContentLoaded\",function(){for(var e,t,s=l.querySelectorAll(\"iframe.wp-embedded-content\"),r=0;r<s.length;r++)(t=(e=s[r]).getAttribute(\"data-secret\"))||(t=Math.random().toString(36).substring(2,12),e.src+=\"#?secret=\"+t,e.setAttribute(\"data-secret\",t)),e.contentWindow.postMessage({message:\"ready\",secret:t},\"*\")},!1)))}(window,document);\n\/\/# sourceURL=https:\/\/elam.ca\/wp-includes\/js\/wp-embed.min.js\n\/* ]]> *\/\n<\/script>\n","thumbnail_url":"https:\/\/elam.ca\/wp-content\/uploads\/2021\/06\/pexels-andrea-piacquadio-3756679-1-scaled.jpg","thumbnail_width":2560,"thumbnail_height":1707,"description":"La communication est la cl\u00e9 des relations professionnelles r\u00e9ussies, surtout de nos jours o\u00f9 la r\u00e9alit\u00e9 du monde de travail et le march\u00e9 professionnel mondialis\u00e9 ont forc\u00e9 une m\u00e9tamorphose et les aptitudes linguistiques ne peuvent plus \u00eatre prises \u00e0 la l\u00e9g\u00e8re. Post-covid oblige, l\u2019emplacement physique (ville, pays, voire continent) ne repr\u00e9sente plus une contrainte."}