{"version":"1.0","provider_name":"ELAM","provider_url":"https:\/\/elam.ca\/fr\/","author_name":"drakkarsupport","author_url":"https:\/\/elam.ca\/fr\/author\/drakkarsupport\/","title":"Vous avez trouv\u00e9 le candidat id\u00e9al, mais qu\u2019en est-il de ses comp\u00e9tences linguistiques ?","type":"rich","width":600,"height":338,"html":"<blockquote class=\"wp-embedded-content\" data-secret=\"u0uCXE9Nj0\"><a href=\"https:\/\/elam.ca\/fr\/competences-langues-candidat\/\">Vous avez trouv\u00e9 le candidat id\u00e9al, mais qu\u2019en est-il de ses comp\u00e9tences linguistiques ?<\/a><\/blockquote><iframe sandbox=\"allow-scripts\" security=\"restricted\" src=\"https:\/\/elam.ca\/fr\/competences-langues-candidat\/embed\/#?secret=u0uCXE9Nj0\" width=\"600\" height=\"338\" title=\"\u00ab\u00a0Vous avez trouv\u00e9 le candidat id\u00e9al, mais qu\u2019en est-il de ses comp\u00e9tences linguistiques ?\u00a0\u00bb &#8212; ELAM\" data-secret=\"u0uCXE9Nj0\" frameborder=\"0\" marginwidth=\"0\" marginheight=\"0\" scrolling=\"no\" class=\"wp-embedded-content\"><\/iframe><script type=\"text\/javascript\">\n\/* <![CDATA[ *\/\n\/*! This file is auto-generated *\/\n!function(d,l){\"use strict\";l.querySelector&&d.addEventListener&&\"undefined\"!=typeof URL&&(d.wp=d.wp||{},d.wp.receiveEmbedMessage||(d.wp.receiveEmbedMessage=function(e){var t=e.data;if((t||t.secret||t.message||t.value)&&!\/[^a-zA-Z0-9]\/.test(t.secret)){for(var s,r,n,a=l.querySelectorAll('iframe[data-secret=\"'+t.secret+'\"]'),o=l.querySelectorAll('blockquote[data-secret=\"'+t.secret+'\"]'),c=new RegExp(\"^https?:$\",\"i\"),i=0;i<o.length;i++)o[i].style.display=\"none\";for(i=0;i<a.length;i++)s=a[i],e.source===s.contentWindow&&(s.removeAttribute(\"style\"),\"height\"===t.message?(1e3<(r=parseInt(t.value,10))?r=1e3:~~r<200&&(r=200),s.height=r):\"link\"===t.message&&(r=new URL(s.getAttribute(\"src\")),n=new URL(t.value),c.test(n.protocol))&&n.host===r.host&&l.activeElement===s&&(d.top.location.href=t.value))}},d.addEventListener(\"message\",d.wp.receiveEmbedMessage,!1),l.addEventListener(\"DOMContentLoaded\",function(){for(var e,t,s=l.querySelectorAll(\"iframe.wp-embedded-content\"),r=0;r<s.length;r++)(t=(e=s[r]).getAttribute(\"data-secret\"))||(t=Math.random().toString(36).substring(2,12),e.src+=\"#?secret=\"+t,e.setAttribute(\"data-secret\",t)),e.contentWindow.postMessage({message:\"ready\",secret:t},\"*\")},!1)))}(window,document);\n\/\/# sourceURL=https:\/\/elam.ca\/wp-includes\/js\/wp-embed.min.js\n\/* ]]> *\/\n<\/script>\n","thumbnail_url":"https:\/\/elam.ca\/wp-content\/uploads\/2021\/03\/elam-perfect-candidate-article-thumb-1.jpg","thumbnail_width":870,"thumbnail_height":500,"description":"L'\u00e9valuation linguistique est un \u00e9l\u00e9ment \u00e0 prendre en compte pour trouver le candidat id\u00e9al pour votre entreprise. De nos jours, de plus en plus d'entreprises exigent que leurs employ\u00e9s parlent couramment au moins deux langues. C'est l\u00e0 qu'interviennent ELAM et ses services d'\u00e9valuation linguistique. Mais avant d'aller plus loin, examinons le pourquoi et le comment de l'\u00e9valuation linguistique."}