{"version":"1.0","provider_name":"ELAM","provider_url":"https:\/\/elam.ca\/fr\/","author_name":"drakkarsupport","author_url":"https:\/\/elam.ca\/fr\/author\/drakkarsupport\/","title":"Astuces d'apprentissage des langues d'Emma\u202f: \u00c9dition des F\u00eates\u00a0","type":"rich","width":600,"height":338,"html":"<blockquote class=\"wp-embedded-content\" data-secret=\"xepN8cYZ5n\"><a href=\"https:\/\/elam.ca\/fr\/astuces-dapprentissage-des-langues-demma-edition-des-fetes\/\">Astuces d&rsquo;apprentissage des langues d&rsquo;Emma\u202f: \u00c9dition des F\u00eates\u00a0<\/a><\/blockquote><iframe sandbox=\"allow-scripts\" security=\"restricted\" src=\"https:\/\/elam.ca\/fr\/astuces-dapprentissage-des-langues-demma-edition-des-fetes\/embed\/#?secret=xepN8cYZ5n\" width=\"600\" height=\"338\" title=\"\u00ab\u00a0Astuces d&rsquo;apprentissage des langues d&rsquo;Emma\u202f: \u00c9dition des F\u00eates\u00a0\u00a0\u00bb &#8212; ELAM\" data-secret=\"xepN8cYZ5n\" frameborder=\"0\" marginwidth=\"0\" marginheight=\"0\" scrolling=\"no\" class=\"wp-embedded-content\"><\/iframe><script type=\"text\/javascript\">\n\/* <![CDATA[ *\/\n\/*! This file is auto-generated *\/\n!function(d,l){\"use strict\";l.querySelector&&d.addEventListener&&\"undefined\"!=typeof URL&&(d.wp=d.wp||{},d.wp.receiveEmbedMessage||(d.wp.receiveEmbedMessage=function(e){var t=e.data;if((t||t.secret||t.message||t.value)&&!\/[^a-zA-Z0-9]\/.test(t.secret)){for(var s,r,n,a=l.querySelectorAll('iframe[data-secret=\"'+t.secret+'\"]'),o=l.querySelectorAll('blockquote[data-secret=\"'+t.secret+'\"]'),c=new RegExp(\"^https?:$\",\"i\"),i=0;i<o.length;i++)o[i].style.display=\"none\";for(i=0;i<a.length;i++)s=a[i],e.source===s.contentWindow&&(s.removeAttribute(\"style\"),\"height\"===t.message?(1e3<(r=parseInt(t.value,10))?r=1e3:~~r<200&&(r=200),s.height=r):\"link\"===t.message&&(r=new URL(s.getAttribute(\"src\")),n=new URL(t.value),c.test(n.protocol))&&n.host===r.host&&l.activeElement===s&&(d.top.location.href=t.value))}},d.addEventListener(\"message\",d.wp.receiveEmbedMessage,!1),l.addEventListener(\"DOMContentLoaded\",function(){for(var e,t,s=l.querySelectorAll(\"iframe.wp-embedded-content\"),r=0;r<s.length;r++)(t=(e=s[r]).getAttribute(\"data-secret\"))||(t=Math.random().toString(36).substring(2,12),e.src+=\"#?secret=\"+t,e.setAttribute(\"data-secret\",t)),e.contentWindow.postMessage({message:\"ready\",secret:t},\"*\")},!1)))}(window,document);\n\/\/# sourceURL=https:\/\/elam.ca\/wp-includes\/js\/wp-embed.min.js\n\/* ]]> *\/\n<\/script>\n","thumbnail_url":"https:\/\/elam.ca\/wp-content\/uploads\/2023\/08\/AdobeStock_362566234-scaled.jpeg","thumbnail_width":2560,"thumbnail_height":1707,"description":"Coucou, les apprenants de langues\u202f! \ud83c\udf1f C'est Emma ici, la directrice du marketing d'ELAM et une \u00e9tudiante d\u2019italien enthousiaste. En tant que personne qui jongle entre l'apprentissage des langues et un emploi du temps charg\u00e9, je sais \u00e0 quel point la pause des F\u00eates peut \u00eatre pr\u00e9cieuse pour renforcer vos comp\u00e9tences tout en profitant d'une pause bien m\u00e9rit\u00e9e temps d'arr\u00eat bien m\u00e9rit\u00e9. J'ai donc dress\u00e9 une liste de mes conseils pr\u00e9f\u00e9r\u00e9s pour garder votre voyage linguistique agr\u00e9able et productif pendant les vacances. Allons-y!"}